{"version":"1.0","provider_name":"anyajotakar","provider_url":"https:\/\/anyajotakar.cafeblog.hu","author_name":"Anyajotakar","author_url":"https:\/\/anyajotakar.cafeblog.hu\/author\/lujza1\/","title":"Erd\u00e9lyi \u00fat_1. r\u00e9sz","html":"<p><strong>Vonatoz\u00e1s Bukarestb\u0151l Kolozsv\u00e1rra<\/strong><\/p>\r\n<p><strong>2018 \u0151sz\u00e9n<\/strong>\u00a0n\u00e9h\u00e1ny h\u00f3napot Bukarestben t\u00f6lt\u00f6ttem, ahov\u00e1 egy koll\u00e9gan\u0151mmel ment\u00fcnk dolgozni a budapesti munkahely\u00fcnk r\u00e9v\u00e9n. \u00dagy d\u00f6nt\u00f6ttem, a munkahelyi szabads\u00e1gom napjait egy erd\u00e9lyi kir\u00e1ndul\u00e1ssal t\u00f6lt\u00f6m, err\u0151l fog sz\u00f3lni a k\u00f6vetkez\u0151 n\u00e9h\u00e1ny bejegyz\u00e9sem<\/p>\r\n<p><strong>Pesti ismer\u0151s\u00f6knek is sz\u00f3ltam<\/strong>, hogy lehet csatlakozni \u00e9s nagy \u00f6r\u00f6m\u00f6mre k\u00e9t kolleg\u00e1m, \u00c1ron \u00e9s Levi, valamint Levi ismer\u0151se, Edina csatlakoztak, vel\u00fck besz\u00e9ltem meg tal\u00e1lkoz\u00f3t Kolozsv\u00e1rra.\u00a0<\/p>\r\n<p><strong> Cs\u00fct\u00f6rt\u00f6k\u00f6n reggel, november 13-\u00e1n<\/strong>\u00a0indultam a bukaresti lak\u00e1sb\u00f3l Gara de Nord \u00e1llom\u00e1sra a f8-as kolozsv\u00e1ri vonathoz.<\/p>\r\n<div dir=\"auto\">H\u00e1tizs\u00e1k, a gurul\u00f3s b\u0151r\u00f6nd volt n\u00e1lam \u00e9s vittem egy nagy teli v\u00e1szonszatyrot is, amibe a Budapestre sz\u00e1nt dolgokat pakoltuk Anik\u00f3val.<\/div>\r\n<div dir=\"auto\">\u00a0<\/div>\r\n<div dir=\"auto\">A vonat id\u0151ben indult, egy f\u00fclk\u00e9ben egyed\u00fcl voltam, j\u00f3 volt a f\u0171t\u00e9s, olvastam Martina Cole-t\u00f3l a Faces-t \u00e9s megreggeliztem egy fet\u00e1s szendvicset majd egy nagy adag gabonapelyhet.<\/div>\r\n<div dir=\"auto\"><strong>Brass\u00f3 ut\u00e1n<\/strong> lett sz\u00e9p dombos a t\u00e1j, magas fenyvesekkel.<\/div>\r\n<div dir=\"auto\">Egy koreai l\u00e1nnyal utaztam Segesv\u00e1rig, t\u0151le megtudtam, hogy itt vak\u00e1ci\u00f3zik.<\/div>\r\n<p><!--more--><\/p>\r\n<div><strong>\u00datk\u00f6zben<\/strong> gyakran l\u00e1ttam \u00e1rok\u00e1s\u00e1st, s\u00edn\u00e9p\u00edt\u00e9st, v\u00f6lgyh\u00edd\u00e9p\u00edt\u00e9st, sz\u00f3val fejlesztik a t\u00e9rs\u00e9get, sok helyen ki van t\u00e9ve t\u00e1bla az EU-t\u00f3l j\u00f6tt t\u00e1mogat\u00e1sr\u00f3l. Az id\u0151j\u00e1r\u00e1s v\u00e1ltoz\u00f3 volt, sok\u00e1ig er\u0151sen s\u00fct\u00f6tt a Nap majd hirtelen minden csupa k\u00f6d lett.<\/div>\r\n<div>K\u00e9s\u0151bb besz\u00e1llt a f\u00fclk\u00e9be egy k\u00f6z\u00e9pkor\u00fa p\u00e1r \u00e9s egy n\u0151, a pasas rom\u00e1nul k\u00e9rdez\u0151sk\u00f6d\u00f6tt az utaz\u00e1somr\u00f3l, \u00fagyhogy a kev\u00e9ske rom\u00e1n tud\u00e1sommal activity-zve elmondtam, hogy Budapestr\u0151l vagyok, de most Bukarestb\u0151l megyek Kolozsv\u00e1rra (Cluj).<\/div>\r\n<div dir=\"auto\">Megk\u00e9rdezte, hogy egyed\u00fcl utazom-e, mondtam, hogy igen, de h\u00e1rom bar\u00e1tom j\u00f6n Budapestr\u0151l, akikkel Kolozsv\u00e1ron tali.<\/div>\r\n<div dir=\"auto\">Eb\u00e9dre 1-kor megettem egy fet\u00e1s szendvicset.<\/div>\r\n<div dir=\"auto\"><strong>A t\u00e1j m\u00e1r nem volt mindig dimbes-dombos<\/strong> \u00e9s az \u00fat gyakran vezetett a falvak, v\u00e1rosok sz\u00e9l\u00e9n l\u00e9v\u0151 t\u00e1kolt, szedett-v\u00e9dett \"\u00e9p\u00fcletek\" mellett.<\/div>\r\n<div dir=\"auto\">Pici k\u00e9s\u00e9ssel f6-ra \u00e9rtem Kolozsv\u00e1rra.<\/div>\r\n<div dir=\"auto\">\u00a0<\/div>\r\n<div dir=\"auto\"><strong>Taxisof\u0151rrel sz\u00e1ll\u00e1skeres\u00e9s<\/strong><\/div>\r\n<div dir=\"auto\">\u00a0<\/div>\r\n<div dir=\"auto\">Az els\u0151 \u00e9jszak\u00e1ra a <strong>Bethlen Kata Diak\u00f3niai k\u00f6zpontban<\/strong>\u00a0foglaltunk sz\u00e1ll\u00e1st. A honlapjukon aj\u00e1nlottak 3 taxit\u00e1rsas\u00e1got, ami megb\u00edzhat\u00f3an \u00e9s olcs\u00f3n hozz\u00e1juk viszi az embert. Be is \u00fcltem az egyik javasolt t\u00e1rsas\u00e1g aut\u00f3j\u00e1ba, <strong>bemondtam a c\u00edmet, de a sof\u0151r sr\u00e1c nem tudta, hol van<\/strong>.<\/div>\r\n<div dir=\"auto\">El\u0151vettem a t\u00e9rk\u00e9pet \u00e9s az alapj\u00e1n ment\u00fcnk, s\u0151t a sr\u00e1c felh\u00edvott a mobilj\u00e1n valakit, aki mondta neki az utat.<\/div>\r\n<div dir=\"auto\"><strong>A taxi\u00f3ra m\u00e1r 11 lejt<\/strong> mutatott, de a sof\u0151r m\u00e9g mindig tan\u00e1cstalanul k\u00f3v\u00e1lygott kis utc\u00e1kon, megk\u00e9rdezett k\u00e9t m\u00e1sik taxist, \u00e9s 14 lejn\u00e9l r\u00e1mutattam az \u00f3r\u00e1ra, hogy le\u00e1ll\u00edthatn\u00e1.<\/div>\r\n<div dir=\"auto\">\u00cdgy is tett \u00e9s ezut\u00e1n 100 m\u00e9terre megtal\u00e1ltuk a panzi\u00f3t.<\/div>\r\n<div dir=\"auto\"><strong>Magyarul besz\u00e9l\u0151 sz\u00e1ll\u00e1sokat<\/strong> v\u00e1lasztottunk, \u00fagyhogy nem volt gond a becsekkol\u00e1ssal. A 2. emeleten volt a szoba, leraktam a cuccaimat \u00e9s s\u00e9t\u00e1lni indultam.<\/div>\r\n<div dir=\"auto\">Mivel a sz\u00e1ll\u00f3 a v\u00e1ros sz\u00e9l\u00e9n volt \u00e9s kezdett bes\u00f6t\u00e9tedni, letettem arr\u00f3l, hogy a belv\u00e1rosba bemenjek, csup\u00e1n egy boltot kerestem. Tal\u00e1ltam is, ahol vettem sajtos croissant-ot \u00e9s joghurtot.<\/div>\r\n<div dir=\"auto\">Mire vissza\u00e9rtem a sz\u00e1ll\u00e1sra, bes\u00f6t\u00e9tedett, megkaj\u00e1ltam majd olvastam \u00e9s aludtam felv\u00e1ltva.<\/div>\r\n<div dir=\"auto\">\u00a0<\/div>\r\n<div dir=\"auto\"><strong>Meg\u00e9rkeztek a t\u00f6bbiek!<\/strong><\/div>\r\n<div dir=\"auto\">\u00a0<\/div>\r\n<div dir=\"auto\"><strong>Hajnali f2-kor<\/strong> \u00e9bredtem arra, hogy meg\u00e9rkeztek a t\u00f6bbiek: <strong>\u00c1ron, Levi \u00e9s Edina<\/strong>. A k\u00e9t fi\u00fa a koll\u00e9g\u00e1m a Genpact-n\u00e9l, a l\u00e1ny pedig Levi k\u00f3rust\u00e1rsa volt.<\/div>\r\n<div dir=\"auto\">Am\u00edg \u0151 zuhanyozott, besz\u00e9lgettem a fi\u00fakkal, \u00c1ron apuk\u00e1nak a Toyot\u00e1j\u00e1val j\u00f6ttek, 6-kor indultak Pestr\u0151l.<\/div>\r\n<div dir=\"auto\">Nemsok\u00e1 \u00fajra alv\u00e1s, p\u00e9nteken reggeli a sz\u00e1ll\u00f3ban.<\/div>\r\n<div dir=\"auto\">Edina gy\u00f3gypedag\u00f3gus, 3-18 \u00e9ves gyerekekkel foglalkozik, van egy b\u00e1tyja \u00e9s egy n\u0151v\u00e9re, 29 \u00e9ves, mint \u00e9n.<\/div>\r\n<div dir=\"auto\">\u00a0<\/div>\r\n<div dir=\"auto\"><strong>Kolozsv\u00e1ri v\u00e1rosn\u00e9z\u00e9s<\/strong><\/div>\r\n<div dir=\"auto\">\u00a0<\/div>\r\n<div dir=\"auto\">Reggelire a sz\u00e1ll\u00f3 \u00e9tterm\u00e9ben ett\u00fcnk finom kenyeret, toj\u00e1st, sajtot, felv\u00e1gottat, k\u00e1v\u00e9t, paradicsomot. Tiszta, sz\u00e1raz id\u0151j\u00e1r\u00e1s volt, \u00e9pp erre v\u00e1gytam erre a p\u00e1r napra!<\/div>\r\n<div dir=\"auto\">\u00d6sszepakoltunk \u00e9s a kolozsv\u00e1ri l\u00e1tnival\u00f3k k\u00f6z\u00fcl megkerest\u00fck a <strong>H\u00e1zsong\u00e1rdi temet\u0151t<\/strong>. Gy\u00f6ny\u00f6r\u0171. S\u00e9t\u00e1lgattunk, fot\u00f3ztunk, a h\u00edress\u00e9gek k\u00f6z\u00fcl viszont csak Ap\u00e1czai Csere J\u00e1nos s\u00edrj\u00e1t tal\u00e1ltuk meg.<\/div>\r\n<div dir=\"auto\">Am\u00edg a v\u00e1rosban kanyarogtunk a temet\u0151t keresve, l\u00e1ttunk r\u00e9gi sz\u00e9p, szocre\u00e1l ronda \u00e9p\u00fcleteket \u00e9s a M\u00e1ty\u00e1s-szobrot fel\u00e1llv\u00e1nyozva. Egy b\u00e1csit\u00f3l k\u00e9rt\u00fcnk \u00fatbaigaz\u00edt\u00e1st, aki szerencs\u00e9re besz\u00e9lt magyarul \u00e9s tudott seg\u00edteni.<\/div>\r\n<div dir=\"auto\">Nemsok\u00e1 indultunk <strong>Torock\u00f3<\/strong> (Rimetea) fel\u00e9.<\/div>\r\n<div dir=\"auto\">A Sz\u00e9kelyk\u00f6vet megl\u00e1tva Levi k\u00e9rte, hogy \u00e1lljunk meg fot\u00f3zni. Egy komolyabb g\u00e9pet hozott, tervei k\u00f6z\u00f6tt van, hogy fot\u00f3z\u00e1ssal foglalkozzon.<\/div>\r\n<div dir=\"auto\">\u00a0<\/div>\r\n<div dir=\"auto\"><strong>Torock\u00f3<\/strong><\/div>\r\n<div dir=\"auto\">\u00a0<\/div>\r\n<div dir=\"auto\"><strong>D\u00e9lut\u00e1n 1 k\u00f6r\u00fcl \u00e9rt\u00fcnk Torock\u00f3ra<\/strong>, a 39-es h\u00e1zn\u00e1l, (Alpin Tour-os n\u00e9ni) kellett jelentkezni, majd felhajtottunk a 63-as sz\u00e1m\u00fa h\u00e1zhoz, ahol D\u00fal\u00f3 Annam\u00e1ria \u00e9s a f\u00e9rje adnak ki szob\u00e1kat.<\/div>\r\n<div dir=\"auto\">Menteget\u0151ztek:<\/div>\r\n<div dir=\"auto\">- Nincs m\u00e9g bef\u0171tve a cser\u00e9pk\u00e1lyha, mert csak est\u00e9re v\u00e1rtunk benneteket! Most kezdt\u00fck bef\u0171teni.<\/div>\r\n<div dir=\"auto\">- Semmi gond, \u00fagyis meg akarjuk j\u00e1rni meg a Sz\u00e9kelyk\u00f6vet, ami 3 \u00f3r\u00e1s t\u00fara.\u00a0<\/div>\r\n<div dir=\"auto\">- Akkor induljatok is, hogy s\u00f6t\u00e9ted\u00e9sig vissza tudjatok \u00e9rni. Az egyik csoport nem \u00e9rt s\u00f6t\u00e9ted\u00e9sig vissza \u00e9s a hegyiment\u0151ket kellett h\u00edvni seg\u00edts\u00e9g\u00fcl.<\/div>\r\n<div dir=\"auto\"><strong>Iszonyatosan f\u00e1ztak<\/strong> a l\u00e1bujjaim \u00e9s Edina l\u00e1ba is, \u00fagyhogy meleg\u00edt\u00e9snek lemostuk forr\u00f3 v\u00edzzel majd hajsz\u00e1r\u00edt\u00f3val meleg\u00edtett\u00fck. Jobb lett.:-)<\/div>\r\n<div dir=\"auto\">\u00a0<\/div>\r\n<div dir=\"auto\">Erd\u00e9lyi \u00fat 2. r\u00e9sz <strong><a href=\"https:\/\/anyajotakar.cafeblog.hu\/2018\/08\/15\/erdelyi-ut_2-resz\/\" target=\"_blank\" rel=\"noopener\">ITT&gt;&gt;&gt;<\/a><\/strong><\/div>","type":"rich"}