{"version":"1.0","provider_name":"anyajotakar","provider_url":"https:\/\/anyajotakar.cafeblog.hu","author_name":"Anyajotakar","author_url":"https:\/\/anyajotakar.cafeblog.hu\/author\/lujza1\/","title":"Lyukas a cs\u00e9sze","html":"<p>\"<strong>Azok a gyerekek, akiknek a cs\u00e9sz\u00e9je mintha lyukas lenne,<\/strong> igen <strong>ideges\u00edt\u0151ek<\/strong> tudnak lenni a feln\u0151ttek sz\u00e1m\u00e1ra, f\u0151leg, ha egy olyan pedag\u00f3gusr\u00f3l van sz\u00f3, akinek egy h\u00faszas-harmincas l\u00e9tsz\u00e1m\u00fa csoportot kell fel\u00fcgyelnie.\u00a0<\/p>\r\n<p>Az ilyen gyerek ugyanis \u00fagy m\u0171k\u00f6dik, hogy <strong>min\u00e9l t\u00f6bbet babusgatjuk, ann\u00e1l ink\u00e1bb r\u00e1nk tapad<\/strong>, min\u00e9l t\u00f6bbet adunk neki, ann\u00e1l t\u00f6bbet akar kapni.<\/p>\r\n<p><img class=\"aligncenter  wp-image-51\" src=\"https:\/\/anyajotakar.cafeblog.hu\/files\/2018\/06\/boy-2863998_640-300x201.jpg\" alt=\"\" width=\"175\" height=\"117\" \/><\/p>\r\n<p>Soha nem lesz teli a cs\u00e9sz\u00e9je, mivel lyukas \u00e9s <strong>ak\u00e1rmennyi figyelmet is kap, annak nagy r\u00e9sze azonnal elsziv\u00e1rog<\/strong>, k\u00e9s\u0151bbre k\u00e9ptelen tartal\u00e9kolni.\"<\/p>\r\n<p>(Lawrence J. Cohen: J\u00e1t\u00e9kos nevel\u00e9s)<\/p>","type":"rich","thumbnail_url":"https:\/\/anyajotakar.cafeblog.hu\/files\/2018\/06\/boy-2863998_640-150x150.jpg","thumbnail_width":150,"thumbnail_height":150}